{"id":14934,"date":"2022-02-09T16:30:52","date_gmt":"2022-02-09T14:30:52","guid":{"rendered":"https:\/\/mahle-smartbike.com\/datenschutzrichtlinien\/"},"modified":"2025-10-06T13:05:29","modified_gmt":"2025-10-06T11:05:29","slug":"datenschutzrichtlinien","status":"publish","type":"page","link":"https:\/\/mahle-smartbike.com\/de\/datenschutzrichtlinien\/","title":{"rendered":"Datenschutzrichtlinien"},"content":{"rendered":"\t\t<div data-elementor-type=\"wp-page\" data-elementor-id=\"14934\" class=\"elementor elementor-14934 elementor-3\" data-elementor-post-type=\"page\">\n\t\t\t\t\t\t<section class=\"elementor-section elementor-top-section elementor-element elementor-element-47680a7c elementor-section-boxed elementor-section-height-default elementor-section-height-default\" data-id=\"47680a7c\" data-element_type=\"section\">\n\t\t\t\t\t\t<div class=\"elementor-container elementor-column-gap-default\">\n\t\t\t\t\t<div class=\"elementor-column elementor-col-100 elementor-top-column elementor-element elementor-element-578a34\" data-id=\"578a34\" data-element_type=\"column\">\n\t\t\t<div class=\"elementor-widget-wrap elementor-element-populated\">\n\t\t\t\t\t\t<div class=\"elementor-element elementor-element-17dc5cc elementor-widget elementor-widget-heading\" data-id=\"17dc5cc\" data-element_type=\"widget\" data-widget_type=\"heading.default\">\n\t\t\t\t<div class=\"elementor-widget-container\">\n\t\t\t\t\t<h1 class=\"elementor-heading-title elementor-size-default\">Datenschutzhinweis\n<\/h1>\t\t\t\t<\/div>\n\t\t\t\t<\/div>\n\t\t\t\t<div class=\"elementor-element elementor-element-5941530 text-editor-justified elementor-widget elementor-widget-text-editor\" data-id=\"5941530\" data-element_type=\"widget\" data-widget_type=\"text-editor.default\">\n\t\t\t\t<div class=\"elementor-widget-container\">\n\t\t\t\t\t\t\t\t\t<h4>Datenschutzhinweise f\u00fcr die Verarbeitung personenbezogener Daten auf der Website <a style=\"font-size: inherit;\" href=\"https:\/\/mahle-smartbike.com\/de\">https:\/\/mahle-smartbike.com\/de<\/a><\/h4>\n<ol class=\"dotted-numbered-list\">\n<li class=\"main-title\">\n<h4>Der f\u00fcr die Datenverarbeitung Verantwortliche im Sinne der EU-Datenschutzgrundverordnung (DSGVO)<br>ist:<\/h4>\n<div>MAHLE Smartbike Systems SLU<br>Orfebres 10, Palencia<br>34004<br>Spanien<br><a href=\"mailto:rgpd@mahle.com\">rgpd@mahle.com<\/a><\/div>\n<\/li>\n<li class=\"main-title\">\n<h4>Datenschutzbeauftragter:<\/h4>\n<p>MAHLE International GmbH Konzerndatenschutz (CY) Samira Kahlenbach 70376 Stuttgart Deutschland E-Mail:<a href=\"mailto:cdpo@mahle.com\">cdpo@mahle.com<\/a><\/p>\n<\/li>\n<li class=\"main-title\">\n<h4>Rechtsvorschriften<\/h4>\n<div>MAHLE verpflichtet sich zur strikten Einhaltung der nationalen und internationalen Gesetze und Vorschriften<br>zur Wahrung des Rechts auf informationelle Selbstbestimmung.<br>Wir beachten bei der Erhebung, Speicherung und Verarbeitung personenbezogener Daten die europ\u00e4ischen<br>Vorschriften zum Datenschutz und zum Schutz der Privatsph\u00e4re sowie die sich daraus ergebenden nationalen<br>Bestimmungen.<\/div>\n<\/li>\n<li class=\"main-title\">\n<h4>Erhebung und Verarbeitung Ihrer personenbezogenen Daten<\/h4>\n<div>Wenn Sie unsere Websites besuchen, speichern wir automatisch in anonymisierter Form den Namen Ihres Internet<br>Service Providers, die Website, von der aus Sie uns besuchen, die Webseiten, die Sie bei uns besuchen, die<br>Websites, die Sie von unserer Website aus besuchen, sowie das Datum und die Dauer Ihres Besuchs. Wir k\u00f6nnen<br>diese Informationen auf einer anonymisierten Basis analysieren und interpretieren. Weitere personenbezogene<br>Daten werden nicht erhoben oder gespeichert, es sei denn, Sie erlauben uns dies ausdr\u00fccklich. Unsere<br>Datenschutzhinweise gelten ausschlie\u00dflich f\u00fcr die Nutzung unserer Websites, nicht f\u00fcr Ihre Aktivit\u00e4ten auf<br>den Websites sozialer Netzwerke oder anderer Anbieter, die Sie \u00fcber die Links auf unseren Websites erreichen<br>k\u00f6nnen. Bitte konsultieren Sie die Websites dieser Anbieter, um sich \u00fcber deren Datenschutzrichtlinien zu<br>informieren.<br>Soweit gesetzlich zul\u00e4ssig, lehnen wir jegliche Haftung f\u00fcr Sch\u00e4den und\/oder Verluste ab, die sich aus der<br>Nutzung der verlinkten Websites ergeben.<br>Weitere personenbezogene Daten werden von uns nicht gespeichert, es sei denn, Sie \u00fcbermitteln uns diese<br>Daten, z.B. im Rahmen eines Kontaktformulars, einer Umfrage, eines Preisausschreibens, einer Registrierung<br>oder zur Erf\u00fcllung eines Vertrages, und auch in diesen F\u00e4llen nur, soweit wir dazu aufgrund Ihrer<br>Einwilligung oder aufgrund der geltenden gesetzlichen Bestimmungen berechtigt sind (siehe &#8222;Rechtsgrundlage<br>f\u00fcr die Verarbeitung&#8220;).<br>Es besteht keine gesetzliche oder vertragliche Verpflichtung f\u00fcr Sie, Ihre personenbezogenen Daten zur<br>Verf\u00fcgung zu stellen. Allerdings ist es m\u00f6glich, dass bestimmte Funktionen unserer Website von der Angabe<br>personenbezogener Daten abh\u00e4ngen. Wenn Sie in diesen F\u00e4llen keine personenbezogenen Daten angeben, kann dies<br>dazu f\u00fchren, dass bestimmte Funktionen eingeschr\u00e4nkt oder nicht verf\u00fcgbar sind.<\/div>\n<\/li>\n<li class=\"main-title\">\n<h4>Verarbeitungszwecke der personenbezogenen Daten<\/h4>\n<div>Ihre personenbezogenen Daten werden nur f\u00fcr den Zweck verwendet, f\u00fcr den Sie uns diese Daten freiwillig zur<br>Verf\u00fcgung gestellt haben, und um unsere IT-Systeme vor Angriffen und anderen unrechtm\u00e4\u00dfigen Handlungen zu<br>sch\u00fctzen. Sofern Sie uns weitere personenbezogene Daten mitgeteilt haben, z.B. im Rahmen eines<br>Kontaktformulars, einer Umfrage, eines Gewinnspiels, einer Registrierung oder zur Durchf\u00fchrung eines<br>Vertrages, verarbeiten wir diese Daten zu den genannten Zwecken, zur Kundenverwaltung und &#8211; soweit<br>erforderlich &#8211; zur Durchf\u00fchrung und Abrechnung etwaiger Gesch\u00e4ftsvorf\u00e4lle, jeweils in dem daf\u00fcr<br>erforderlichen Umfang. Wir verpflichten unsere Mitarbeiter und Dienstleister zur strengsten Vertraulichkeit.<\/div>\n<\/li>\n<li class=\"main-title\">\n<h4>Rechtsgrundlage f\u00fcr die Verarbeitung<\/h4>\n<div>Wenn Sie in die Verarbeitung Ihrer personenbezogenen Daten durch uns eingewilligt haben, stellt diese<br>Einwilligung die Rechtsgrundlage f\u00fcr die Verarbeitung dar (Artikel 6 Absatz 1 (a) der DSGVO).<br>Artikel 6 Absatz 1 (b) der DSGVO bildet die Rechtsgrundlage f\u00fcr die Verarbeitung personenbezogener Daten zum<br>Zwecke der Durchf\u00fchrung von Ma\u00dfnahmen vor Abschluss oder Erf\u00fcllung eines Vertrags mit Ihnen.<br>Wenn die Verarbeitung Ihrer personenbezogenen Daten erforderlich ist, um unsere gesetzlichen Verpflichtungen<br>zu erf\u00fcllen (z.B. um Daten zu speichern), sind wir gem\u00e4\u00df Artikel 6 Absatz 1 (c) der DSGVO dazu berechtigt.<br>Dar\u00fcber hinaus verarbeiten wir personenbezogene Daten f\u00fcr die Zwecke der von uns oder einem Dritten<br>verfolgten berechtigten Interessen gem\u00e4\u00df Artikel 6 Absatz 1 (f) der DSGVO. Die Aufrechterhaltung der<br>Funktionalit\u00e4t unserer IT-Systeme, die Vermarktung unserer eigenen und fremder Produkte und Dienstleistungen<br>sowie die gesetzlich vorgeschriebene Dokumentation von Gesch\u00e4ftskontakten stellen solche berechtigten<br>Interessen dar.<\/div>\n<\/li>\n<li class=\"main-title\">\n<h4>Weitergabe von personenbezogenen Daten an Dritte<\/h4>\n<div>Um die unten beschriebenen Zwecke zu erf\u00fcllen, werden Sie dar\u00fcber informiert, dass Mahle Smartbike personenbezogene Daten mit anderen Unternehmen der Gruppe austauscht.<\/div>\n<\/li>\n<li class=\"main-title\">\n<h4>Verarbeitung personenbezogener Daten zum Zweck des Versands von Newslettern<\/h4>\n<div>Wir freuen uns, Sie auf der Grundlage Ihrer Einwilligung (Artikel 6 Absatz 1 (a) GDPR) \u00fcber den auf der<br>Website angebotenen speziellen Newsletter \u00fcber aktuelle Neuigkeiten zu informieren.<br>Damit wir Ihnen einen Newsletter zusenden k\u00f6nnen, m\u00fcssen Sie uns die angegebenen Daten (z.B. Name und<br>E-Mail-Adresse) zur Verf\u00fcgung stellen. Sie k\u00f6nnen auch freiwillig weitere Informationen eingeben und<br>\u00fcbermitteln. Nachdem Sie uns Ihre E-Mail-Adresse mitgeteilt haben, erhalten Sie von uns eine E-Mail an die<br>von Ihnen angegebene E-Mail-Adresse, in der Sie gebeten werden, auf einen Best\u00e4tigungslink zu klicken, um<br>die von Ihnen angegebene E-Mail-Adresse zu verifizieren (sogenanntes &#8222;Double-Opt-In&#8220;-Verfahren).<br>Wir speichern Ihre Daten nur f\u00fcr den Versand unseres Newsletters. Wir speichern auch Ihre IP-Adresse und das<br>Datum Ihrer Anmeldung, damit wir im Zweifelsfall einen Nachweis dar\u00fcber haben, dass Sie sich f\u00fcr den<br>Newsletter angemeldet haben. Um den Erfolg unserer Newsletter zu messen, sammeln wir auch Informationen<br>dar\u00fcber, ob Newsletter ge\u00f6ffnet werden, wann sie ge\u00f6ffnet werden und welche Links angeklickt werden.<br>Sie k\u00f6nnen den Newsletter jederzeit wieder abbestellen, indem Sie auf den Abmeldelink in der Fu\u00dfzeile des<br>Newsletters klicken.<\/div>\n<\/li>\n<li class=\"main-title\">\n<h4>Verwendung des Kontaktformulars<\/h4>\n<div>Wenn Sie mit uns Kontakt aufnehmen (z.B. \u00fcber Kontaktformulare), speichern wir Ihre Daten zum Zwecke der<br>Bearbeitung Ihrer Anfrage (Artikel 6 Absatz 1 (b) DSGVO) und f\u00fcr den Fall, dass weitere Korrespondenz<br>erfolgen sollte. Andernfalls werden Ihre Daten nach der Bearbeitung Ihrer Angelegenheit gel\u00f6scht. Dies gilt<br>nicht f\u00fcr Daten, f\u00fcr die gesetzliche oder anderweitig vorgeschriebene Aufbewahrungspflichten bestehen.<br><br><\/div><\/li>\n<li class=\"main-title\">\n<h4>L\u00f6schung Ihrer personenbezogenen Daten<\/h4>\n<div>Wir l\u00f6schen Ihre personenbezogenen Daten, sobald der Zweck, f\u00fcr den wir sie erhoben und verarbeitet haben,<br>entf\u00e4llt. Die Aufbewahrung \u00fcber diesen Zeitpunkt hinaus erfolgt nur, wenn dies nach den Gesetzen,<br>Verordnungen oder sonstigen Rechtsvorschriften der Europ\u00e4ischen Union oder eines Mitgliedstaates der<br>Europ\u00e4ischen Union, denen wir unterliegen, erforderlich ist.<\/div>\n<\/li>\n<li class=\"main-title\">\n<h4>Rechte der betroffenen Personen<\/h4>\n<div>\n<p>Wir m\u00f6chten Sie darauf hinweisen, dass Sie als betroffene Person im Zusammenhang mit der Verarbeitung Ihrer<br>personenbezogenen Daten folgende Rechte haben:<\/p>\n<ol>\n<li>Recht auf Auskunft gem\u00e4\u00df Artikel 15 DSGVO<\/li>\n<li>Recht auf Berichtigung gem\u00e4\u00df Artikel 16 DSGVO<\/li>\n<li>Recht auf L\u00f6schung gem\u00e4\u00df Artikel 17 DSGVO<\/li>\n<li>Recht auf Einschr\u00e4nkung der Verarbeitung gem\u00e4\u00df Artikel 18 DSGVO<\/li>\n<li>Daten\u00fcbertragbarkeit gem\u00e4\u00df Artikel 20 DSGVO<\/li>\n<\/ol>\n<p>Wenn Sie in die Verarbeitung Ihrer personenbezogenen Daten durch uns eingewilligt haben, steht es Ihnen<br>frei, Ihre Einwilligung zur Verarbeitung Ihrer personenbezogenen Daten jederzeit zu widerrufen.<br>Dar\u00fcber hinaus haben Sie das Recht, der Verarbeitung Sie betreffender personenbezogener Daten aus Gr\u00fcnden,<br>die sich aus den Umst\u00e4nden des Einzelfalls ergeben, jederzeit zu widersprechen, ebenso wie der Verarbeitung,<br>die auf der Grundlage von Artikel 6 Absatz 1 (f) DSGVO (Datenverarbeitung auf der Grundlage einer<br>Interessenabw\u00e4gung) erfolgt. Wenn Sie Widerspruch einlegen, werden wir Ihre personenbezogenen Daten nicht<br>mehr verarbeiten, es sei denn, wir k\u00f6nnen zwingende legitime Gr\u00fcnde f\u00fcr die Verarbeitung nachweisen, die<br>Ihre Interessen, Rechte und Freiheiten \u00fcberwiegen, oder die der Begr\u00fcndung, Aus\u00fcbung oder Verteidigung von<br>Rechtsanspr\u00fcchen dienen.<br>Die Rechtm\u00e4\u00dfigkeit der Verarbeitung Ihrer personenbezogenen Daten bis zum Widerruf der Einwilligung wird<br>durch den Widerruf der Einwilligung nicht ber\u00fchrt. Der Widerruf der Einwilligung ber\u00fchrt auch nicht die<br>m\u00f6gliche Weiterverarbeitung dieser Daten auf einer anderen Rechtsgrundlage, z.B. zur Erf\u00fcllung gesetzlicher<br>Verpflichtungen (siehe Abschnitt &#8222;Rechtsgrundlage f\u00fcr die Verarbeitung&#8220;).<br>Wenn Sie der Ansicht sind, dass die Verarbeitung Ihrer personenbezogenen Daten gegen gesetzliche<br>Bestimmungen verst\u00f6\u00dft, haben Sie das Recht, eine Beschwerde bei einer Datenschutzaufsichtsbeh\u00f6rde<br>einzureichen, die gem\u00e4\u00df Artikel 77 DSGVO zust\u00e4ndig ist.<\/p>\n<\/div>\n<\/li>\n<li class=\"main-title\">\n<h4>Ansprechpartner<\/h4>\n<div>\n<p>Wenn Sie Fragen zum Datenschutz bei MAHLE haben oder Ihre Rechte in Bezug auf Ihre Daten aus\u00fcben oder Erkl\u00e4rungen als Betroffener abgeben m\u00f6chten, wenden Sie sich bitte per E-Mail an unseren lokalen Datenschutzkoordinator unter <a href=\"mailto:rgpd@mahle.com\">rgpd@mahle.com<\/a> oder an die offizielle Adresse der MAHLE International GmbH, Pragstra\u00dfe 26-46, 70376 Stuttgart. Sie erreichen unseren Konzerndatenschutzbeauftragten auch unter der oben genannten Adresse oder unter <a href=\"mailto:cdpo@mahle.com\">cdpo@mahle.com<\/a>.<\/p>\n<\/div>\n<\/li>\n<\/ol>\t\t\t\t\t\t\t\t<\/div>\n\t\t\t\t<\/div>\n\t\t\t\t\t<\/div>\n\t\t<\/div>\n\t\t\t\t\t<\/div>\n\t\t<\/section>\n\t\t\t\t<\/div>\n\t\t","protected":false},"excerpt":{"rendered":"<p>Datenschutzhinweis Datenschutzhinweise f\u00fcr die Verarbeitung personenbezogener Daten auf der Website https:\/\/mahle-smartbike.com\/de Der f\u00fcr die Datenverarbeitung Verantwortliche im Sinne der EU-Datenschutzgrundverordnung (DSGVO)ist: MAHLE Smartbike Systems SLUOrfebres 10, Palencia34004Spanienrgpd@mahle.com Datenschutzbeauftragter: MAHLE International GmbH Konzerndatenschutz (CY) Samira Kahlenbach 70376 Stuttgart Deutschland E-Mail:cdpo@mahle.com Rechtsvorschriften MAHLE verpflichtet sich zur strikten Einhaltung der nationalen und internationalen Gesetze und Vorschriftenzur Wahrung des [&hellip;]<\/p>\n","protected":false},"author":3,"featured_media":0,"parent":0,"menu_order":0,"comment_status":"closed","ping_status":"open","template":"","meta":{"_acf_changed":false,"_monsterinsights_skip_tracking":false,"_monsterinsights_sitenote_active":false,"_monsterinsights_sitenote_note":"","_monsterinsights_sitenote_category":0,"footnotes":""},"class_list":["post-14934","page","type-page","status-publish","hentry"],"acf":[],"yoast_head":"<!-- This site is optimized with the Yoast SEO plugin v27.2 - https:\/\/yoast.com\/product\/yoast-seo-wordpress\/ -->\n<title>Datenschutzrichtlinien<\/title>\n<meta name=\"robots\" content=\"index, follow, max-snippet:-1, max-image-preview:large, max-video-preview:-1\" \/>\n<link rel=\"canonical\" href=\"https:\/\/mahle-smartbike.com\/privacy-policy\/\" \/>\n<meta property=\"og:locale\" content=\"de_DE\" \/>\n<meta property=\"og:type\" content=\"article\" \/>\n<meta property=\"og:title\" content=\"Datenschutzrichtlinien\" \/>\n<meta property=\"og:description\" content=\"Datenschutzhinweis Datenschutzhinweise f\u00fcr die Verarbeitung personenbezogener Daten auf der Website https:\/\/mahle-smartbike.com\/de Der f\u00fcr die Datenverarbeitung Verantwortliche im Sinne der EU-Datenschutzgrundverordnung (DSGVO)ist: MAHLE Smartbike Systems SLUOrfebres 10, Palencia34004Spanienrgpd@mahle.com Datenschutzbeauftragter: MAHLE International GmbH Konzerndatenschutz (CY) Samira Kahlenbach 70376 Stuttgart Deutschland E-Mail:cdpo@mahle.com Rechtsvorschriften MAHLE verpflichtet sich zur strikten Einhaltung der nationalen und internationalen Gesetze und Vorschriftenzur Wahrung des [&hellip;]\" \/>\n<meta property=\"og:url\" content=\"https:\/\/mahle-smartbike.com\/privacy-policy\/\" \/>\n<meta property=\"og:site_name\" content=\"MAHLE SmartBike Systems\" \/>\n<meta property=\"article:publisher\" content=\"https:\/\/www.facebook.com\/mahlesmartbikesystems\/\" \/>\n<meta property=\"article:modified_time\" content=\"2025-10-06T11:05:29+00:00\" \/>\n<meta property=\"og:image\" content=\"https:\/\/mahle-smartbike.com\/wp-content\/uploads\/2024\/11\/Mahle_X30_Perpignan_23-1-scaled.webp\" \/>\n\t<meta property=\"og:image:width\" content=\"2560\" \/>\n\t<meta property=\"og:image:height\" content=\"1626\" \/>\n\t<meta property=\"og:image:type\" content=\"image\/webp\" \/>\n<meta name=\"twitter:card\" content=\"summary_large_image\" \/>\n<meta name=\"twitter:label1\" content=\"Gesch\u00e4tzte Lesezeit\" \/>\n\t<meta name=\"twitter:data1\" content=\"7\u00a0Minuten\" \/>\n<script type=\"application\/ld+json\" class=\"yoast-schema-graph\">{\"@context\":\"https:\/\/schema.org\",\"@graph\":[{\"@type\":\"WebPage\",\"@id\":\"https:\/\/mahle-smartbike.com\/privacy-policy\/\",\"url\":\"https:\/\/mahle-smartbike.com\/privacy-policy\/\",\"name\":\"Datenschutzrichtlinien\",\"isPartOf\":{\"@id\":\"https:\/\/mahle-smartbike.com\/#website\"},\"datePublished\":\"2022-02-09T14:30:52+00:00\",\"dateModified\":\"2025-10-06T11:05:29+00:00\",\"inLanguage\":\"de\",\"potentialAction\":[{\"@type\":\"ReadAction\",\"target\":[\"https:\/\/mahle-smartbike.com\/privacy-policy\/\"]}]},{\"@type\":\"WebSite\",\"@id\":\"https:\/\/mahle-smartbike.com\/#website\",\"url\":\"https:\/\/mahle-smartbike.com\/\",\"name\":\"MAHLE SmartBike Systems\",\"description\":\"The lightest ebike systems on the market\",\"publisher\":{\"@id\":\"https:\/\/mahle-smartbike.com\/#organization\"},\"potentialAction\":[{\"@type\":\"SearchAction\",\"target\":{\"@type\":\"EntryPoint\",\"urlTemplate\":\"https:\/\/mahle-smartbike.com\/?s={search_term_string}\"},\"query-input\":{\"@type\":\"PropertyValueSpecification\",\"valueRequired\":true,\"valueName\":\"search_term_string\"}}],\"inLanguage\":\"de\"},{\"@type\":\"Organization\",\"@id\":\"https:\/\/mahle-smartbike.com\/#organization\",\"name\":\"MAHLE SmartBike Systems\",\"url\":\"https:\/\/mahle-smartbike.com\/\",\"logo\":{\"@type\":\"ImageObject\",\"inLanguage\":\"de\",\"@id\":\"https:\/\/mahle-smartbike.com\/#\/schema\/logo\/image\/\",\"url\":\"https:\/\/mahle-smartbike.com\/wp-content\/uploads\/2024\/05\/MAHLE-SmartBike-Systems-Logo-1-1.jpg\",\"contentUrl\":\"https:\/\/mahle-smartbike.com\/wp-content\/uploads\/2024\/05\/MAHLE-SmartBike-Systems-Logo-1-1.jpg\",\"width\":1920,\"height\":1920,\"caption\":\"MAHLE SmartBike Systems\"},\"image\":{\"@id\":\"https:\/\/mahle-smartbike.com\/#\/schema\/logo\/image\/\"},\"sameAs\":[\"https:\/\/www.facebook.com\/mahlesmartbikesystems\/\",\"https:\/\/www.instagram.com\/mahle_smartbikesystems\/\",\"https:\/\/www.linkedin.com\/company\/mahlesmartbikesystems\/\",\"https:\/\/www.youtube.com\/channel\/UCgfNyF-Wtgq0WTlzsV8bDmQ\",\"https:\/\/www.strava.com\/clubs\/mahle\",\"https:\/\/www.tiktok.com\/@mahlesmartbikesystems\"]}]}<\/script>\n<!-- \/ Yoast SEO plugin. -->","yoast_head_json":{"title":"Datenschutzrichtlinien","robots":{"index":"index","follow":"follow","max-snippet":"max-snippet:-1","max-image-preview":"max-image-preview:large","max-video-preview":"max-video-preview:-1"},"canonical":"https:\/\/mahle-smartbike.com\/privacy-policy\/","og_locale":"de_DE","og_type":"article","og_title":"Datenschutzrichtlinien","og_description":"Datenschutzhinweis Datenschutzhinweise f\u00fcr die Verarbeitung personenbezogener Daten auf der Website https:\/\/mahle-smartbike.com\/de Der f\u00fcr die Datenverarbeitung Verantwortliche im Sinne der EU-Datenschutzgrundverordnung (DSGVO)ist: MAHLE Smartbike Systems SLUOrfebres 10, Palencia34004Spanienrgpd@mahle.com Datenschutzbeauftragter: MAHLE International GmbH Konzerndatenschutz (CY) Samira Kahlenbach 70376 Stuttgart Deutschland E-Mail:cdpo@mahle.com Rechtsvorschriften MAHLE verpflichtet sich zur strikten Einhaltung der nationalen und internationalen Gesetze und Vorschriftenzur Wahrung des [&hellip;]","og_url":"https:\/\/mahle-smartbike.com\/privacy-policy\/","og_site_name":"MAHLE SmartBike Systems","article_publisher":"https:\/\/www.facebook.com\/mahlesmartbikesystems\/","article_modified_time":"2025-10-06T11:05:29+00:00","og_image":[{"width":2560,"height":1626,"url":"https:\/\/mahle-smartbike.com\/wp-content\/uploads\/2024\/11\/Mahle_X30_Perpignan_23-1-scaled.webp","type":"image\/webp"}],"twitter_card":"summary_large_image","twitter_misc":{"Gesch\u00e4tzte Lesezeit":"7\u00a0Minuten"},"schema":{"@context":"https:\/\/schema.org","@graph":[{"@type":"WebPage","@id":"https:\/\/mahle-smartbike.com\/privacy-policy\/","url":"https:\/\/mahle-smartbike.com\/privacy-policy\/","name":"Datenschutzrichtlinien","isPartOf":{"@id":"https:\/\/mahle-smartbike.com\/#website"},"datePublished":"2022-02-09T14:30:52+00:00","dateModified":"2025-10-06T11:05:29+00:00","inLanguage":"de","potentialAction":[{"@type":"ReadAction","target":["https:\/\/mahle-smartbike.com\/privacy-policy\/"]}]},{"@type":"WebSite","@id":"https:\/\/mahle-smartbike.com\/#website","url":"https:\/\/mahle-smartbike.com\/","name":"MAHLE SmartBike Systems","description":"The lightest ebike systems on the market","publisher":{"@id":"https:\/\/mahle-smartbike.com\/#organization"},"potentialAction":[{"@type":"SearchAction","target":{"@type":"EntryPoint","urlTemplate":"https:\/\/mahle-smartbike.com\/?s={search_term_string}"},"query-input":{"@type":"PropertyValueSpecification","valueRequired":true,"valueName":"search_term_string"}}],"inLanguage":"de"},{"@type":"Organization","@id":"https:\/\/mahle-smartbike.com\/#organization","name":"MAHLE SmartBike Systems","url":"https:\/\/mahle-smartbike.com\/","logo":{"@type":"ImageObject","inLanguage":"de","@id":"https:\/\/mahle-smartbike.com\/#\/schema\/logo\/image\/","url":"https:\/\/mahle-smartbike.com\/wp-content\/uploads\/2024\/05\/MAHLE-SmartBike-Systems-Logo-1-1.jpg","contentUrl":"https:\/\/mahle-smartbike.com\/wp-content\/uploads\/2024\/05\/MAHLE-SmartBike-Systems-Logo-1-1.jpg","width":1920,"height":1920,"caption":"MAHLE SmartBike Systems"},"image":{"@id":"https:\/\/mahle-smartbike.com\/#\/schema\/logo\/image\/"},"sameAs":["https:\/\/www.facebook.com\/mahlesmartbikesystems\/","https:\/\/www.instagram.com\/mahle_smartbikesystems\/","https:\/\/www.linkedin.com\/company\/mahlesmartbikesystems\/","https:\/\/www.youtube.com\/channel\/UCgfNyF-Wtgq0WTlzsV8bDmQ","https:\/\/www.strava.com\/clubs\/mahle","https:\/\/www.tiktok.com\/@mahlesmartbikesystems"]}]}},"_links":{"self":[{"href":"https:\/\/mahle-smartbike.com\/de\/wp-json\/wp\/v2\/pages\/14934","targetHints":{"allow":["GET"]}}],"collection":[{"href":"https:\/\/mahle-smartbike.com\/de\/wp-json\/wp\/v2\/pages"}],"about":[{"href":"https:\/\/mahle-smartbike.com\/de\/wp-json\/wp\/v2\/types\/page"}],"author":[{"embeddable":true,"href":"https:\/\/mahle-smartbike.com\/de\/wp-json\/wp\/v2\/users\/3"}],"replies":[{"embeddable":true,"href":"https:\/\/mahle-smartbike.com\/de\/wp-json\/wp\/v2\/comments?post=14934"}],"version-history":[{"count":3,"href":"https:\/\/mahle-smartbike.com\/de\/wp-json\/wp\/v2\/pages\/14934\/revisions"}],"predecessor-version":[{"id":66102,"href":"https:\/\/mahle-smartbike.com\/de\/wp-json\/wp\/v2\/pages\/14934\/revisions\/66102"}],"wp:attachment":[{"href":"https:\/\/mahle-smartbike.com\/de\/wp-json\/wp\/v2\/media?parent=14934"}],"curies":[{"name":"wp","href":"https:\/\/api.w.org\/{rel}","templated":true}]}}